{"id":467,"date":"2019-11-09T17:01:03","date_gmt":"2019-11-09T17:01:03","guid":{"rendered":"http:\/\/www.waldorf-pb.cz\/?page_id=467"},"modified":"2019-11-15T16:25:05","modified_gmt":"2019-11-15T16:25:05","slug":"kongres-waldorf-100-stuttgart","status":"publish","type":"page","link":"https:\/\/waldorf.pb.cz\/?page_id=467","title":{"rendered":"Kongres Waldorf 100 Stuttgart"},"content":{"rendered":"\n<p><strong>Na po\u010d\u00e1tku stoj\u00ed \u010dlov\u011bk<\/strong><br><em>Ohl\u00e9dnut\u00ed za kongresem Waldorf 100 ve Stuttgartu\u00a07.\u201310.&nbsp;z\u00e1\u0159\u00ed 2019<\/em> <br><br>Pr\u00e1v\u011b p\u0159ed sto lety byla pronesena Rudolfem Steinerem tato slova: \u201eWaldorfsk\u00e1 \u0161kola se mus\u00ed st\u00e1t skute\u010dn\u00fdm kulturn\u00edm \u010dinem, sou\u010d\u00e1st\u00ed na\u0161eho \u00fasil\u00ed o&nbsp;obnovu sou\u010dasn\u00e9ho duchovn\u00edho \u017eivota\u201c. Waldorfsk\u00e1 \u0161kola se m\u011bla st\u00e1t praktick\u00fdm d\u016fkazem pro pr\u016fraznost anthroposofick\u00e9 orientace o&nbsp;sv\u011bt\u011b. M\u011bla se st\u00e1t jednotnou \u0161kolou v\u00a0tom smyslu, aby vychov\u00e1vala a&nbsp;u\u010dila, jak si to \u017e\u00e1d\u00e1 \u010dlov\u011bk, celek lidsk\u00e9 bytosti. Jak je tomu dnes?<br>Waldorfsk\u00fd kongres ve Stuttgartu, kter\u00fd se konal 7.\u201310.&nbsp;z\u00e1\u0159\u00ed 2019, si zvolil jako hlavn\u00ed t\u00e9ma n\u00e1zev\u00a0<strong>Na\u00a0po\u010d\u00e1tku stoj\u00ed \u010dlov\u011bk<\/strong>. Tento motiv se prol\u00ednal v\u0161emi p\u0159edn\u00e1\u0161kami, pracovn\u00edmi skupinami a&nbsp;f\u00f3ry. \u00da\u010dastn\u00edci z\u00a0cel\u00e9ho sv\u011bta m\u011bli mo\u017enost se zab\u00fdvat z\u00e1kladn\u00edm d\u00edlem Rudolfa Steinera ur\u010den\u00fdm pro u\u010ditele, V\u0161eobecnou naukou o&nbsp;\u010dlov\u011bku, u\u010ditelsk\u00fdmi meditacemi i&nbsp;v\u00fdzvami dne\u0161n\u00ed doby, doby digit\u00e1ln\u00edch technologi\u00ed, hled\u00e1n\u00edm a&nbsp;sd\u00edlen\u00edm nov\u00fdch u\u010debn\u00edch forem ve waldorfsk\u00fdch \u0161kol\u00e1ch. Celou konferenc\u00ed proudil impulz sm\u011b\u0159uj\u00edc\u00ed od minulosti k\u00a0sou\u010dasnosti a&nbsp;d\u00e1le do budoucnosti. Jak u\u010din\u00edme waldorfskou \u0161kolu schopnou p\u016fsobit v\u00a0budoucnosti? P\u0159edn\u00e1\u0161ej\u00edc\u00ed (Claus-Peter R\u00f6h, Christopher Wiechert, Tom\u00e1\u0161 Zdra\u017eil, Wolfgang Schad, Michael\u00a0 Zech, Martyn Rawson,\u00a0 Michaela G\u00f6bel a&nbsp;mnoho dal\u0161\u00edch v\u00fdzna\u010dn\u00fdch odborn\u00edk\u016f) spole\u010dn\u011b s&nbsp;u\u010diteli p\u0159inesli s&nbsp;sebou podn\u011bty, kter\u00e9 se otev\u0159en\u00fdmi srdci metamorfovaly a&nbsp;dodaly v\u0161em nad\u011bji pro dal\u0161\u00ed budoucnost waldorfsk\u00e9ho hnut\u00ed.<br>Na ka\u017ed\u00e9m kroku bylo patrn\u00e9, \u017ee waldorfsk\u00e9 hnut\u00ed se b\u011bhem 100 let od sv\u00fdch po\u010d\u00e1tk\u016f v&nbsp;N\u011bmecku stalo opravdu celosv\u011btov\u00fdm. U\u010ditel\u00e9 z&nbsp;Nov\u00e9ho Z\u00e9landu, Braz\u00edlie, Indie, Ruska \u010di Francie sd\u00edleli ten sam\u00fd pohled na \u010dlov\u011bka, podn\u011bty k&nbsp;v\u00fdchov\u011b i&nbsp;\u00faskal\u00ed p\u0159ich\u00e1zej\u00edc\u00ed s&nbsp;modern\u00ed dobou. Jedin\u00e9, v&nbsp;\u010dem se li\u0161ili, bylo kulturn\u00ed pojet\u00ed charakteristick\u00e9 pro jednotliv\u00e9 zem\u011b. S\u00edla tohoto celosv\u011btov\u00e9ho spole\u010denstv\u00ed byla velmi impozantn\u00ed a&nbsp;stala se jak\u00fdmsi hnac\u00edm motorem pro ka\u017edodenn\u00ed pr\u00e1ci ve t\u0159\u00edd\u00e1ch.<br>Organiz\u00e1to\u0159i Freie Hochschule Stuttgart a&nbsp;Freie Waldorfschule Uhlandshoehe vytvo\u0159ili nejen skv\u011bl\u00e9 vzd\u011bl\u00e1vac\u00ed z\u00e1zem\u00ed pro v\u00edce ne\u017e 1000 u\u010ditel\u016f v&nbsp;50 pracovn\u00edch skupin\u00e1ch, ale postarali se i&nbsp;o&nbsp;rozs\u00e1hl\u00e9 kulturn\u00ed z\u00e1\u017eitky \u00fa\u010dastn\u00edk\u016f v&nbsp;podob\u011b n\u00e1dhern\u00fdch eurytmick\u00fdch a&nbsp;divadeln\u00edch p\u0159edstaven\u00ed a&nbsp;koncertu filharmonie.<br>Celosv\u011btov\u00e1 konference ve Stuttgartu byla velkolepou oslavou 100let\u00e9ho v\u00fdro\u010d\u00ed waldorfsk\u00e9ho hnut\u00ed.<\/p>\n\n\n\n<p style=\"text-align:right\"><em>Veronika Pol\u00e1\u010dkov\u00e1 a&nbsp;Veronika Skali\u010dkov\u00e1, W\u0160 P\u0159\u00edbram<\/em><\/p>\n","protected":false},"excerpt":{"rendered":"<p>Na po\u010d\u00e1tku stoj\u00ed \u010dlov\u011bkOhl\u00e9dnut\u00ed za kongresem Waldorf 100 ve Stuttgartu\u00a07.\u201310.&nbsp;z\u00e1\u0159\u00ed 2019 Pr\u00e1v\u011b p\u0159ed sto lety byla pronesena Rudolfem Steinerem tato slova: \u201eWaldorfsk\u00e1 \u0161kola se mus\u00ed st\u00e1t skute\u010dn\u00fdm kulturn\u00edm \u010dinem, sou\u010d\u00e1st\u00ed na\u0161eho \u00fasil\u00ed o&nbsp;obnovu sou\u010dasn\u00e9ho duchovn\u00edho \u017eivota\u201c. Waldorfsk\u00e1 \u0161kola se m\u011bla st\u00e1t praktick\u00fdm d\u016fkazem pro pr\u016fraznost anthroposofick\u00e9 orientace o&nbsp;sv\u011bt\u011b. M\u011bla se st\u00e1t jednotnou \u0161kolou v\u00a0tom smyslu, &hellip; <a href=\"https:\/\/waldorf.pb.cz\/?page_id=467\">Continue reading <span class=\"meta-nav\">&rarr;<\/span><\/a><\/p>\n","protected":false},"author":2,"featured_media":0,"parent":447,"menu_order":67,"comment_status":"closed","ping_status":"closed","template":"template-full-width.php","meta":{"footnotes":""},"class_list":["post-467","page","type-page","status-publish","hentry"],"_links":{"self":[{"href":"https:\/\/waldorf.pb.cz\/index.php?rest_route=\/wp\/v2\/pages\/467","targetHints":{"allow":["GET"]}}],"collection":[{"href":"https:\/\/waldorf.pb.cz\/index.php?rest_route=\/wp\/v2\/pages"}],"about":[{"href":"https:\/\/waldorf.pb.cz\/index.php?rest_route=\/wp\/v2\/types\/page"}],"author":[{"embeddable":true,"href":"https:\/\/waldorf.pb.cz\/index.php?rest_route=\/wp\/v2\/users\/2"}],"replies":[{"embeddable":true,"href":"https:\/\/waldorf.pb.cz\/index.php?rest_route=%2Fwp%2Fv2%2Fcomments&post=467"}],"version-history":[{"count":6,"href":"https:\/\/waldorf.pb.cz\/index.php?rest_route=\/wp\/v2\/pages\/467\/revisions"}],"predecessor-version":[{"id":579,"href":"https:\/\/waldorf.pb.cz\/index.php?rest_route=\/wp\/v2\/pages\/467\/revisions\/579"}],"up":[{"embeddable":true,"href":"https:\/\/waldorf.pb.cz\/index.php?rest_route=\/wp\/v2\/pages\/447"}],"wp:attachment":[{"href":"https:\/\/waldorf.pb.cz\/index.php?rest_route=%2Fwp%2Fv2%2Fmedia&parent=467"}],"curies":[{"name":"wp","href":"https:\/\/api.w.org\/{rel}","templated":true}]}}