{"id":12,"date":"2019-07-31T17:12:41","date_gmt":"2019-07-31T17:12:41","guid":{"rendered":"http:\/\/www.waldorf-pb.cz\/?page_id=12"},"modified":"2021-11-19T10:27:45","modified_gmt":"2021-11-19T10:27:45","slug":"stredni-skola","status":"publish","type":"page","link":"https:\/\/waldorf.pb.cz\/?page_id=12","title":{"rendered":"St\u0159edn\u00ed \u0161kola"},"content":{"rendered":"\n<p>Waldorfsk\u00e1 \u0161kola vznikla v&nbsp;P\u0159\u00edbrami v&nbsp;roce 1991 jako obecn\u00ed \u0161kola a&nbsp;v&nbsp;z\u00e1\u0159\u00ed 1999 dos\u00e1hla velikosti \u00fapln\u00e9 dev\u00edtilet\u00e9 z\u00e1kladn\u00ed \u0161koly. Od z\u00e1\u0159\u00ed 2000 pokra\u010duje st\u0159edn\u00edm stupn\u011bm a&nbsp;od roku 2015 se stala jej\u00ed sou\u010d\u00e1st\u00ed waldorfsk\u00e1 mate\u0159sk\u00e1 \u0161kola.<br>Na st\u0159edn\u00edm stupni je zastoupeno jak v\u0161eobecn\u00e9 maturitn\u00ed vzd\u011blan\u00ed, tak i&nbsp;u\u010debn\u00ed obory s&nbsp;v\u00fdu\u010dn\u00edm listem.<br>Jako jedin\u00e1 waldorfsk\u00e1 \u0161kola v&nbsp;\u010cesk\u00e9 republice zahrnuje od 1.&nbsp;1.&nbsp;2015 celistv\u00fd syst\u00e9m vzd\u011bl\u00e1v\u00e1n\u00ed od mate\u0159sk\u00e9 \u0161koly a\u017e po \u0161kolu st\u0159edn\u00ed v\u010detn\u011b \u0161kolstv\u00ed u\u010d\u0148ovsk\u00e9ho.<\/p>\n\n\n\n<figure class=\"wp-block-image size-large\"><img loading=\"lazy\" decoding=\"async\" width=\"703\" height=\"1024\" src=\"https:\/\/waldorf.pb.cz\/wp-content\/uploads\/2021\/10\/Truhla\u0301r\u030ci-1-703x1024.jpg\" alt=\"\" class=\"wp-image-2808\" srcset=\"https:\/\/waldorf.pb.cz\/wp-content\/uploads\/2021\/10\/Truhla\u0301r\u030ci-1-703x1024.jpg 703w, https:\/\/waldorf.pb.cz\/wp-content\/uploads\/2021\/10\/Truhla\u0301r\u030ci-1-206x300.jpg 206w, https:\/\/waldorf.pb.cz\/wp-content\/uploads\/2021\/10\/Truhla\u0301r\u030ci-1-768x1119.jpg 768w, https:\/\/waldorf.pb.cz\/wp-content\/uploads\/2021\/10\/Truhla\u0301r\u030ci-1-1054x1536.jpg 1054w, https:\/\/waldorf.pb.cz\/wp-content\/uploads\/2021\/10\/Truhla\u0301r\u030ci-1-1405x2048.jpg 1405w, https:\/\/waldorf.pb.cz\/wp-content\/uploads\/2021\/10\/Truhla\u0301r\u030ci-1.jpg 1459w\" sizes=\"auto, (max-width: 703px) 100vw, 703px\" \/><\/figure>\n\n\n\n<figure class=\"wp-block-image size-large\"><img loading=\"lazy\" decoding=\"async\" width=\"703\" height=\"1024\" src=\"https:\/\/waldorf.pb.cz\/wp-content\/uploads\/2021\/10\/Kova\u0301r\u030ci-1-703x1024.jpg\" alt=\"\" class=\"wp-image-2810\" srcset=\"https:\/\/waldorf.pb.cz\/wp-content\/uploads\/2021\/10\/Kova\u0301r\u030ci-1-703x1024.jpg 703w, https:\/\/waldorf.pb.cz\/wp-content\/uploads\/2021\/10\/Kova\u0301r\u030ci-1-206x300.jpg 206w, https:\/\/waldorf.pb.cz\/wp-content\/uploads\/2021\/10\/Kova\u0301r\u030ci-1-768x1119.jpg 768w, https:\/\/waldorf.pb.cz\/wp-content\/uploads\/2021\/10\/Kova\u0301r\u030ci-1-1054x1536.jpg 1054w, https:\/\/waldorf.pb.cz\/wp-content\/uploads\/2021\/10\/Kova\u0301r\u030ci-1-1405x2048.jpg 1405w, https:\/\/waldorf.pb.cz\/wp-content\/uploads\/2021\/10\/Kova\u0301r\u030ci-1.jpg 1459w\" sizes=\"auto, (max-width: 703px) 100vw, 703px\" \/><\/figure>\n\n\n\n<figure class=\"wp-block-image size-large\"><img loading=\"lazy\" decoding=\"async\" width=\"703\" height=\"1024\" src=\"https:\/\/waldorf.pb.cz\/wp-content\/uploads\/2021\/10\/Grafici-1-703x1024.jpg\" alt=\"\" class=\"wp-image-2811\" srcset=\"https:\/\/waldorf.pb.cz\/wp-content\/uploads\/2021\/10\/Grafici-1-703x1024.jpg 703w, https:\/\/waldorf.pb.cz\/wp-content\/uploads\/2021\/10\/Grafici-1-206x300.jpg 206w, https:\/\/waldorf.pb.cz\/wp-content\/uploads\/2021\/10\/Grafici-1-768x1119.jpg 768w, https:\/\/waldorf.pb.cz\/wp-content\/uploads\/2021\/10\/Grafici-1-1054x1536.jpg 1054w, https:\/\/waldorf.pb.cz\/wp-content\/uploads\/2021\/10\/Grafici-1-1405x2048.jpg 1405w, https:\/\/waldorf.pb.cz\/wp-content\/uploads\/2021\/10\/Grafici-1.jpg 1459w\" sizes=\"auto, (max-width: 703px) 100vw, 703px\" \/><\/figure>\n\n\n<a href=\"https:\/\/waldorf.pb.cz\/wp-content\/uploads\/2021\/11\/CityLight_237x350_lyceum.pdf\" class=\"pdfemb-viewer\" style=\"\" data-width=\"max\" data-height=\"max\"  data-toolbar=\"bottom\" data-toolbar-fixed=\"off\">CityLight_237x350_lyceum<br\/><\/a>\n<p class=\"wp-block-pdfemb-pdf-embedder-viewer\"><\/p>\n","protected":false},"excerpt":{"rendered":"<p>Waldorfsk\u00e1 \u0161kola vznikla v&nbsp;P\u0159\u00edbrami v&nbsp;roce 1991 jako obecn\u00ed \u0161kola a&nbsp;v&nbsp;z\u00e1\u0159\u00ed 1999 dos\u00e1hla velikosti \u00fapln\u00e9 dev\u00edtilet\u00e9 z\u00e1kladn\u00ed \u0161koly. Od z\u00e1\u0159\u00ed 2000 pokra\u010duje st\u0159edn\u00edm stupn\u011bm a&nbsp;od roku 2015 se stala jej\u00ed sou\u010d\u00e1st\u00ed waldorfsk\u00e1 mate\u0159sk\u00e1 \u0161kola.Na st\u0159edn\u00edm stupni je zastoupeno jak v\u0161eobecn\u00e9 maturitn\u00ed vzd\u011blan\u00ed, tak i&nbsp;u\u010debn\u00ed obory s&nbsp;v\u00fdu\u010dn\u00edm listem.Jako jedin\u00e1 waldorfsk\u00e1 \u0161kola v&nbsp;\u010cesk\u00e9 republice zahrnuje od 1.&nbsp;1.&nbsp;2015 celistv\u00fd &hellip; <a href=\"https:\/\/waldorf.pb.cz\/?page_id=12\">Continue reading <span class=\"meta-nav\">&rarr;<\/span><\/a><\/p>\n","protected":false},"author":1,"featured_media":0,"parent":437,"menu_order":21,"comment_status":"closed","ping_status":"closed","template":"template-full-width.php","meta":{"footnotes":""},"class_list":["post-12","page","type-page","status-publish","hentry"],"_links":{"self":[{"href":"https:\/\/waldorf.pb.cz\/index.php?rest_route=\/wp\/v2\/pages\/12","targetHints":{"allow":["GET"]}}],"collection":[{"href":"https:\/\/waldorf.pb.cz\/index.php?rest_route=\/wp\/v2\/pages"}],"about":[{"href":"https:\/\/waldorf.pb.cz\/index.php?rest_route=\/wp\/v2\/types\/page"}],"author":[{"embeddable":true,"href":"https:\/\/waldorf.pb.cz\/index.php?rest_route=\/wp\/v2\/users\/1"}],"replies":[{"embeddable":true,"href":"https:\/\/waldorf.pb.cz\/index.php?rest_route=%2Fwp%2Fv2%2Fcomments&post=12"}],"version-history":[{"count":11,"href":"https:\/\/waldorf.pb.cz\/index.php?rest_route=\/wp\/v2\/pages\/12\/revisions"}],"predecessor-version":[{"id":2961,"href":"https:\/\/waldorf.pb.cz\/index.php?rest_route=\/wp\/v2\/pages\/12\/revisions\/2961"}],"up":[{"embeddable":true,"href":"https:\/\/waldorf.pb.cz\/index.php?rest_route=\/wp\/v2\/pages\/437"}],"wp:attachment":[{"href":"https:\/\/waldorf.pb.cz\/index.php?rest_route=%2Fwp%2Fv2%2Fmedia&parent=12"}],"curies":[{"name":"wp","href":"https:\/\/api.w.org\/{rel}","templated":true}]}}